{"id":848,"date":"2023-02-07T13:06:56","date_gmt":"2023-02-07T13:06:56","guid":{"rendered":"https:\/\/romanistyka.wn.uw.edu.pl\/?page_id=848"},"modified":"2026-02-11T21:08:15","modified_gmt":"2026-02-11T21:08:15","slug":"krawczyk-dariusz","status":"publish","type":"page","link":"https:\/\/romanistyka.wn.uw.edu.pl\/index.php\/pracownicy\/krawczyk-dariusz\/","title":{"rendered":"Dariusz Krawczyk"},"content":{"rendered":"\n<div class=\"wp-block-columns is-layout-flex wp-container-core-columns-is-layout-28f84493 wp-block-columns-is-layout-flex\">\n<div class=\"wp-block-column is-layout-flow wp-block-column-is-layout-flow\" style=\"flex-basis:33.33%\">\n<figure class=\"wp-block-image size-full is-resized\"><img loading=\"lazy\" decoding=\"async\" width=\"375\" height=\"562\" src=\"https:\/\/romanistyka.wn.uw.edu.pl\/wp-content\/uploads\/2024\/11\/image.png\" alt=\"\" class=\"wp-image-3551\" style=\"width:173px;height:auto\" srcset=\"https:\/\/romanistyka.wn.uw.edu.pl\/wp-content\/uploads\/2024\/11\/image.png 375w, https:\/\/romanistyka.wn.uw.edu.pl\/wp-content\/uploads\/2024\/11\/image-200x300.png 200w\" sizes=\"auto, (max-width: 375px) 100vw, 375px\" \/><\/figure>\n<\/div>\n\n\n\n<div class=\"wp-block-column is-layout-flow wp-block-column-is-layout-flow\" style=\"flex-basis:66.66%\">\n<h2 class=\"wp-block-heading has-medium-font-size\">dr Dariusz Krawczyk<\/h2>\n\n\n\n<p class=\"has-medium-font-size\">Zak\u0142ad Literaturoznawstwa Francuskiego&nbsp;<\/p>\n\n\n\n<p class=\"has-medium-font-size\">Adiunkt (grupa badawczo-dydaktyczna)&nbsp;<\/p>\n\n\n\n<p><a href=\"mailto:dariusz.krawczyk@uw.edu.pl\">dariusz.krawczyk@uw.edu.pl<\/a><\/p>\n\n\n\n<div style=\"height:20px\" aria-hidden=\"true\" class=\"wp-block-spacer\"><\/div>\n\n\n\n<h6 class=\"wp-block-heading\"><strong>Tematyka bada\u0144<\/strong><\/h6>\n\n\n\n<p>Literatura francuskiego renesansu, historia grzeczno\u015bci w XVI i XVII wieku we Francji, kultura Francji od renesansu do ko\u0144ca XVII wieku&nbsp;<\/p>\n\n\n\n<div style=\"height:20px\" aria-hidden=\"true\" class=\"wp-block-spacer\"><\/div>\n\n\n\n<h6 class=\"wp-block-heading\">wybrane <strong>Publikacje<\/strong><\/h6>\n\n\n\n<ul class=\"wp-block-list\">\n<li><em>Cit\u00e9s des dames\u2009: regards sur les femmes dans l\u2019espace urbain du Moyen \u00c2ge au XVIII<sup>e <\/sup>si\u00e8cle<\/em>, red. Dariusz Krawczyk, Monika Kulesza, Marta Wojtkowska-Maksymik, Harrassowitz Verlag, 2025&nbsp;&nbsp;<\/li>\n\n\n\n<li>\u00ab\u2009Civilit\u00e9 f\u00e9minine et conversation dans <em>L\u2019Heptam\u00e9ron<\/em> de Marguerite de Navarre\u2009\u00bb, <em>La nouvelle, un genre au f\u00e9minin\u2009? Public f\u00e9minin et repr\u00e9sentation des femmes dans le r\u00e9cit bref europ\u00e9en (xiv<sup>e<\/sup>-xvii<sup>e<\/sup>si\u00e8cles)<\/em>, \u00e9d. Teresa Nocita, Nora Viet, Enrica Zanin, Lausanne, Peter Lang, 2025, s. 381-396.<\/li>\n\n\n\n<li><a href=\"https:\/\/brill.com\/display\/title\/63494\" target=\"_blank\" rel=\"noreferrer noopener\"><em>L\u2019Autorit\u00e9 de la parole spirituelle f\u00e9minine en fran\u00e7ais au XVIe si\u00e8cle<\/em><\/a>&nbsp;(<em>The Authority of the female spiritual writing in French in the 16th century<\/em>), ed. Mich\u00e8le Cl\u00e9ment, Isabelle Garnier, Dariusz Krawczyk, Brill, 2022&nbsp;<\/li>\n\n\n\n<li>\u00ab&nbsp;Civilit\u00e9, vie aulique et ma\u00eetrise de soi dans le <em>Discours de la Court<\/em> de Claude Chappuys (1543)&nbsp;\u00bb, dans <em>Corps et \u00e2ge sous l\u2019empire des passions dans la litt\u00e9rature fran\u00e7aise des origines \u00e0 nos jours<\/em>, \u00e9d. Magdalena Ko\u017aluk, \u0141ukasz Szkopi\u0144ski, Harrassowitz, 2024, p. 77-87<\/li>\n\n\n\n<li>\u00ab&nbsp;Miroir ou parangon? La cour et les courtisans dans <em>L\u2019Heptam\u00e9ron<\/em>&nbsp;\u00bb, <em>French Forum<\/em>, volume 47, nos. 2-3, fall\/winter 2022, p. 65-80, DOI: 10.1353\/frf.2022.a914321<\/li>\n\n\n\n<li>\u00ab Figures f\u00e9minines d\u2019autorit\u00e9 spirituelle dans les \u0153uvres de Marguerite de Navarre \u00bb, <em>L\u2019Autorit\u00e9 de la parole spirituelle f\u00e9minine en fran\u00e7ais au xvi<sup>e<\/sup> si\u00e8cle<\/em>, ed. Mich\u00e8le Cl\u00e9ment, Isabelle Garnier, Dariusz Krawczyk, Brill, 2022, p. 188-207<\/li>\n\n\n\n<li>\u00ab Enjeux litt\u00e9raires, bibliques et rh\u00e9toriques dans le discours liminaire des \u00e9pop\u00e9es apocalyptiques renaissantes \u00bb, <em>L\u2019art de vivre, de survivre, de revivre. Approches litt\u00e9raires. Le 50<sup>e<\/sup> anniversaire des \u00e9tudes romanes \u00e0 l\u2019Universit\u00e9 de \u0141\u00f3d\u017a<\/em>, ed. M. Ko\u017aluk, A. Staro\u0144, Wydawnictwo Uniwersytetu \u0141\u00f3dzkiego, \u0141\u00f3d\u017a, 2022, p. 191-204, DOI 10.18778\/8220-877-1.14<a href=\"http:\/\/dspace.uni.lodz.pl:8080\/xmlui\/bitstream\/11089\/42979\/1\/191-204_Krawczyk.pdf\" target=\"_blank\" rel=\"noreferrer noopener\"><\/a><\/li>\n\n\n\n<li>\u00ab Imaginaire m\u00e9lancolique et rh\u00e9torique sacr\u00e9e dans <em>La Derni\u00e8re Semaine<\/em> de Michel Quillian \u00bb, <em>Studia Litteraria Universitatis Iagellonicae Cracoviensis<\/em>, 17\/2, 2022, p. 125-138. DOI 10.4467\/20843933ST.22.012.15600<a href=\"https:\/\/www.ejournals.eu\/pliki\/art\/21812\/\" target=\"_blank\" rel=\"noreferrer noopener\"><\/a><\/li>\n\n\n\n<li>\u00ab\u2009\u2019Vostre treshumble et tresobeisante subjecte et mignonne, Marguerite\u2019\u2009: Marguerite de Navarre dans ses \u00e9changes po\u00e9tiques \u00bb, <em>Le r\u00e9seau de Marguerite de Navarre<\/em>, ed. St\u00e9phan Geonget, Anne Boutet, Louise Daubigny, Marie-B\u00e9n\u00e9dicte Le Hir, Gen\u00e8ve, Droz, 2021, p. 341-355.<\/li>\n\n\n\n<li>Wi\u0119cej: <a rel=\"noreferrer noopener\" href=\"https:\/\/www.researchgate.net\/profile\/Dariusz-Krawczyk-2\" target=\"_blank\">https:\/\/www.researchgate.net\/profile\/Dariusz-Krawczyk-2<\/a>, <a rel=\"noreferrer noopener\" href=\"https:\/\/scholar.google.pl\/citations?user=uvIyhUEAAAAJ&amp;hl=pl\" target=\"_blank\">https:\/\/scholar.google.pl\/citations?user=uvIyhUEAAAAJ&amp;hl=pl<\/a>, <a rel=\"noreferrer noopener\" href=\"https:\/\/orcid.org\/0000-0002-3407-9592\" target=\"_blank\">ORCID 0000-0002-3407-9592<\/a>, <a rel=\"noreferrer noopener\" href=\"https:\/\/uw.academia.edu\/DariuszKrawczyk\" target=\"_blank\">https:\/\/uw.academia.edu\/DariuszKrawczyk<\/a>&nbsp; <\/li>\n<\/ul>\n\n\n\n<div style=\"height:20px\" aria-hidden=\"true\" class=\"wp-block-spacer\"><\/div>\n\n\n\n<h6 class=\"wp-block-heading\"><strong>Dzia\u0142alno\u015b\u0107<\/strong><\/h6>\n\n\n\n<p>2025-2029 \u2013 Kierownik Zak\u0142adu literaturoznawstwa francuskiego<\/p>\n\n\n\n<p>2025-2029 \u2013 cz\u0142onek Rady dydaktycznej kierunku Filologia roma\u0144ska<\/p>\n\n\n\n<p>2023-2025 \u2013 zagraniczny pobyt naukowy w celu realizacji grantu Marie Sk\u0142odowska Curie Actions na Universit\u00e9 de Lille (Francja)<\/p>\n\n\n\n<p>2020-2023 i 2025-2029 \u2013 Cz\u0142onek Rady dydaktycznej kierunku Helwetologia \u2013 studia szwajcarskie<\/p>\n\n\n\n<p>2020-2024 \u2013 Cz\u0142onek Uniwersyteckiej Rady do spraw nostryfikacji&nbsp;<\/p>\n\n\n\n<p>2020-2023 \u2013 Cz\u0142onek Rady dydaktycznej kierunku Filologia roma\u0144ska<\/p>\n\n\n\n<p>2016-2020 \u2013 Zast\u0119pca Dyrektora Instytutu Romanistyki do spraw studenckich i Kierownik studi\u00f3w<\/p>\n\n\n\n<p>2013-2020 \u2013 Koordynator ds. Studi\u00f3w Filologiczno-Kulturoznawczych i cz\u0142onek Rady dydaktycznej kierunku<\/p>\n\n\n\n<p>2013\u20132020 \u2013 Pe\u0142nomocnik ds. USOS w Instytucie Romanistyki<\/p>\n\n\n\n<p>2010\u20132013 \u2013 Pe\u0142nomocnik ds. USOS w UKKNJF<\/p>\n\n\n\n<p>2009-2013 \u2013 cz\u0142onek Komisji oceniaj\u0105cej przy Centrum Kszta\u0142cenia Nauczycieli J\u0119zyk\u00f3w Obcych i Edukacji Europejskiej<\/p>\n\n\n\n<p>2007-2012 \u2013 Zast\u0119pca Kierownika Uniwersyteckiego Kolegium Kszta\u0142cenia Nauczycieli J\u0119zyka Francuskiego do spraw studenckich&nbsp;<\/p>\n\n\n\n<div style=\"height:20px\" aria-hidden=\"true\" class=\"wp-block-spacer\"><\/div>\n\n\n\n<h6 class=\"wp-block-heading\"><strong>Cz\u0142onkostwo w organizacjach i stowarzyszeniach<\/strong><\/h6>\n\n\n\n<p>&#8211; Modern Language Association \u2013 od 2009<br>&#8211; Akademickie Towarzystwo Romanist\u00f3w Polskich Plejada \u2013 od 2010<br>&#8211; Soci\u00e9t\u00e9 Fran\u00e7aise d\u2019Etudes du Seizi\u00e8me Si\u00e8cle \u2013 od 2010<br>&#8211; Renaissance, Humanisme, R\u00e9forme &#8211; od 2018&nbsp;<\/p>\n\n\n\n<div style=\"height:20px\" aria-hidden=\"true\" class=\"wp-block-spacer\"><\/div>\n\n\n\n<h6 class=\"wp-block-heading\"><strong>Hobby<\/strong><\/h6>\n\n\n\n<p>Kultura i muzyka lat 60., typografia, wieczne pi\u00f3ra z lat 1940 i 1950, zwiedzanie Pary\u017ca w czasie i przestrzeni<\/p>\n<\/div>\n<\/div>\n\n\n\n<p><\/p>\n","protected":false},"excerpt":{"rendered":"<p>dr Dariusz Krawczyk Zak\u0142ad Literaturoznawstwa Francuskiego&nbsp; Adiunkt (grupa badawczo-dydaktyczna)&nbsp; dariusz.krawczyk@uw.edu.pl Tematyka bada\u0144 Literatura francuskiego renesansu, historia grzeczno\u015bci w XVI i XVII wieku we Francji, kultura Francji od renesansu do ko\u0144ca XVII wieku&nbsp; wybrane Publikacje Dzia\u0142alno\u015b\u0107 2025-2029 \u2013 Kierownik Zak\u0142adu literaturoznawstwa francuskiego 2025-2029 \u2013 cz\u0142onek Rady dydaktycznej kierunku Filologia roma\u0144ska 2023-2025 \u2013 zagraniczny pobyt naukowy w [&hellip;]<\/p>\n","protected":false},"author":1,"featured_media":0,"parent":802,"menu_order":0,"comment_status":"closed","ping_status":"closed","template":"page-no-title","meta":{"footnotes":""},"class_list":["post-848","page","type-page","status-publish","hentry"],"_links":{"self":[{"href":"https:\/\/romanistyka.wn.uw.edu.pl\/index.php\/wp-json\/wp\/v2\/pages\/848","targetHints":{"allow":["GET"]}}],"collection":[{"href":"https:\/\/romanistyka.wn.uw.edu.pl\/index.php\/wp-json\/wp\/v2\/pages"}],"about":[{"href":"https:\/\/romanistyka.wn.uw.edu.pl\/index.php\/wp-json\/wp\/v2\/types\/page"}],"author":[{"embeddable":true,"href":"https:\/\/romanistyka.wn.uw.edu.pl\/index.php\/wp-json\/wp\/v2\/users\/1"}],"replies":[{"embeddable":true,"href":"https:\/\/romanistyka.wn.uw.edu.pl\/index.php\/wp-json\/wp\/v2\/comments?post=848"}],"version-history":[{"count":12,"href":"https:\/\/romanistyka.wn.uw.edu.pl\/index.php\/wp-json\/wp\/v2\/pages\/848\/revisions"}],"predecessor-version":[{"id":7337,"href":"https:\/\/romanistyka.wn.uw.edu.pl\/index.php\/wp-json\/wp\/v2\/pages\/848\/revisions\/7337"}],"up":[{"embeddable":true,"href":"https:\/\/romanistyka.wn.uw.edu.pl\/index.php\/wp-json\/wp\/v2\/pages\/802"}],"wp:attachment":[{"href":"https:\/\/romanistyka.wn.uw.edu.pl\/index.php\/wp-json\/wp\/v2\/media?parent=848"}],"curies":[{"name":"wp","href":"https:\/\/api.w.org\/{rel}","templated":true}]}}